{"id":573,"date":"2025-10-19T17:00:57","date_gmt":"2025-10-19T15:00:57","guid":{"rendered":"https:\/\/ljubenko-i-partneri.ectoris.com\/en\/?post_type=case_law&#038;p=573"},"modified":"2025-10-19T17:01:00","modified_gmt":"2025-10-19T15:01:00","slug":"podijeljena-odgovornost-za-povredu-na-radu","status":"publish","type":"case_law","link":"https:\/\/www.ljubenko-i-partneri.hr\/en\/nova-praksa\/podijeljena-odgovornost-za-povredu-na-radu\/","title":{"rendered":"Podijeljena odgovornost za povredu na radu"},"content":{"rendered":"<p>Prema stavu Vrhovnog suda RH br. Rev Rev 915\/08 pogre\u0161no tu\u017eenici smatraju da je tu\u017eiteljica isklju\u010divo prouzro\u010dila predmetni \u0161tetni doga\u0111aj, a tu\u017eiteljica pogre\u0161no smatra da \u0161tetnom doga\u0111aju nije doprinijela.<\/p>\n<p>Naime, poslodavac odgovara radniku za \u0161tetu nastalu ozljedom na radu temeljem uzro\u010dnosti, a te odgovornosti se djelomi\u010dno mo\u017ee osloboditi zbog djelomi\u010dnog doprinosa zaposlenika nastanku \u0161tetnog doga\u0111aja. Tu\u017eiteljica u predmetnom slu\u010daju nije s dovoljnim oprezom otvarala prozor radne prostorije 2.tu\u017eenika, pri \u010demu je doprinijela nastanku \u0161tetnog doga\u0111aja, a taj doprinos su ni\u017eestupanjski sudovi pravilno ocijenili. U smislu odredbe \u010dl. 192. st. 1. ZOO o\u0161te\u0107enik koji je pridonio da \u0161teta nastane ili da bude ve\u0107a nego \u0161to bi ina\u010de bila imao pravo samo na razmjerno smanjenu naknadu, &#8211; a prema odredbi st. 2. istoga zakonskog \u010dlanka \u2013 kad je nemogu\u0107e utvrditi koji dio \u0161tete potje\u010de od o\u0161te\u0107enikove radnje, sud \u0107e dosuditi naknadu vode\u0107i ra\u010duna o okolnostima slu\u010daja. Stoga tu\u017eiteljica snosi vlastitu \u0161tetu u 20% dijela, a nakna\u0111uje joj se \u0161teta u 80% dijela.<\/p>\n","protected":false},"featured_media":0,"template":"","class_list":["post-573","case_law","type-case_law","status-publish","hentry"],"acf":[],"yoast_head":"<!-- This site is optimized with the Yoast SEO Premium plugin v19.5 (Yoast SEO v19.10) - https:\/\/yoast.com\/wordpress\/plugins\/seo\/ -->\n<title>Podijeljena odgovornost za povredu na radu - Ljubenko i partneri - eng<\/title>\n<meta name=\"robots\" content=\"index, follow, max-snippet:-1, max-image-preview:large, max-video-preview:-1\" \/>\n<link rel=\"canonical\" href=\"https:\/\/www.ljubenko-i-partneri.hr\/en\/nova-praksa\/podijeljena-odgovornost-za-povredu-na-radu\/\" \/>\n<meta property=\"og:locale\" content=\"hr_HR\" \/>\n<meta property=\"og:type\" content=\"article\" \/>\n<meta property=\"og:title\" content=\"Podijeljena odgovornost za povredu na radu\" \/>\n<meta property=\"og:description\" content=\"Prema stavu Vrhovnog suda RH br. Rev Rev 915\/08 pogre\u0161no tu\u017eenici smatraju da je tu\u017eiteljica isklju\u010divo prouzro\u010dila predmetni \u0161tetni doga\u0111aj, a tu\u017eiteljica pogre\u0161no smatra da \u0161tetnom doga\u0111aju nije doprinijela. Naime, poslodavac odgovara radniku za \u0161tetu nastalu ozljedom na radu temeljem uzro\u010dnosti, a te odgovornosti se djelomi\u010dno mo\u017ee osloboditi zbog djelomi\u010dnog doprinosa zaposlenika nastanku \u0161tetnog doga\u0111aja. [&hellip;]\" \/>\n<meta property=\"og:url\" content=\"https:\/\/www.ljubenko-i-partneri.hr\/en\/nova-praksa\/podijeljena-odgovornost-za-povredu-na-radu\/\" \/>\n<meta property=\"og:site_name\" content=\"Ljubenko i partneri - eng\" \/>\n<meta property=\"article:modified_time\" content=\"2025-10-19T15:01:00+00:00\" \/>\n<meta name=\"twitter:card\" content=\"summary_large_image\" \/>\n<meta name=\"twitter:label1\" content=\"Procijenjeno vrijeme \u010ditanja\" \/>\n\t<meta name=\"twitter:data1\" content=\"1 minuta\" \/>\n<script type=\"application\/ld+json\" class=\"yoast-schema-graph\">{\"@context\":\"https:\/\/schema.org\",\"@graph\":[{\"@type\":\"WebPage\",\"@id\":\"https:\/\/www.ljubenko-i-partneri.hr\/en\/nova-praksa\/podijeljena-odgovornost-za-povredu-na-radu\/\",\"url\":\"https:\/\/www.ljubenko-i-partneri.hr\/en\/nova-praksa\/podijeljena-odgovornost-za-povredu-na-radu\/\",\"name\":\"Podijeljena odgovornost za povredu na radu - Ljubenko i partneri - eng\",\"isPartOf\":{\"@id\":\"https:\/\/www.ljubenko-i-partneri.hr\/en\/#website\"},\"datePublished\":\"2025-10-19T15:00:57+00:00\",\"dateModified\":\"2025-10-19T15:01:00+00:00\",\"breadcrumb\":{\"@id\":\"https:\/\/www.ljubenko-i-partneri.hr\/en\/nova-praksa\/podijeljena-odgovornost-za-povredu-na-radu\/#breadcrumb\"},\"inLanguage\":\"hr\",\"potentialAction\":[{\"@type\":\"ReadAction\",\"target\":[\"https:\/\/www.ljubenko-i-partneri.hr\/en\/nova-praksa\/podijeljena-odgovornost-za-povredu-na-radu\/\"]}]},{\"@type\":\"BreadcrumbList\",\"@id\":\"https:\/\/www.ljubenko-i-partneri.hr\/en\/nova-praksa\/podijeljena-odgovornost-za-povredu-na-radu\/#breadcrumb\",\"itemListElement\":[{\"@type\":\"ListItem\",\"position\":1,\"name\":\"Po\u010detna stranica\",\"item\":\"https:\/\/www.ljubenko-i-partneri.hr\/en\/\"},{\"@type\":\"ListItem\",\"position\":2,\"name\":\"Nova praksa\",\"item\":\"https:\/\/www.ljubenko-i-partneri.hr\/en\/nova-praksa\/\"},{\"@type\":\"ListItem\",\"position\":3,\"name\":\"Podijeljena odgovornost za povredu na radu\"}]},{\"@type\":\"WebSite\",\"@id\":\"https:\/\/www.ljubenko-i-partneri.hr\/en\/#website\",\"url\":\"https:\/\/www.ljubenko-i-partneri.hr\/en\/\",\"name\":\"Ljubenko i partneri - eng\",\"description\":\"\",\"potentialAction\":[{\"@type\":\"SearchAction\",\"target\":{\"@type\":\"EntryPoint\",\"urlTemplate\":\"https:\/\/www.ljubenko-i-partneri.hr\/en\/?s={search_term_string}\"},\"query-input\":\"required name=search_term_string\"}],\"inLanguage\":\"hr\"}]}<\/script>\n<!-- \/ Yoast SEO Premium plugin. -->","yoast_head_json":{"title":"Podijeljena odgovornost za povredu na radu - Ljubenko i partneri - eng","robots":{"index":"index","follow":"follow","max-snippet":"max-snippet:-1","max-image-preview":"max-image-preview:large","max-video-preview":"max-video-preview:-1"},"canonical":"https:\/\/www.ljubenko-i-partneri.hr\/en\/nova-praksa\/podijeljena-odgovornost-za-povredu-na-radu\/","og_locale":"hr_HR","og_type":"article","og_title":"Podijeljena odgovornost za povredu na radu","og_description":"Prema stavu Vrhovnog suda RH br. Rev Rev 915\/08 pogre\u0161no tu\u017eenici smatraju da je tu\u017eiteljica isklju\u010divo prouzro\u010dila predmetni \u0161tetni doga\u0111aj, a tu\u017eiteljica pogre\u0161no smatra da \u0161tetnom doga\u0111aju nije doprinijela. Naime, poslodavac odgovara radniku za \u0161tetu nastalu ozljedom na radu temeljem uzro\u010dnosti, a te odgovornosti se djelomi\u010dno mo\u017ee osloboditi zbog djelomi\u010dnog doprinosa zaposlenika nastanku \u0161tetnog doga\u0111aja. [&hellip;]","og_url":"https:\/\/www.ljubenko-i-partneri.hr\/en\/nova-praksa\/podijeljena-odgovornost-za-povredu-na-radu\/","og_site_name":"Ljubenko i partneri - eng","article_modified_time":"2025-10-19T15:01:00+00:00","twitter_card":"summary_large_image","twitter_misc":{"Procijenjeno vrijeme \u010ditanja":"1 minuta"},"schema":{"@context":"https:\/\/schema.org","@graph":[{"@type":"WebPage","@id":"https:\/\/www.ljubenko-i-partneri.hr\/en\/nova-praksa\/podijeljena-odgovornost-za-povredu-na-radu\/","url":"https:\/\/www.ljubenko-i-partneri.hr\/en\/nova-praksa\/podijeljena-odgovornost-za-povredu-na-radu\/","name":"Podijeljena odgovornost za povredu na radu - Ljubenko i partneri - eng","isPartOf":{"@id":"https:\/\/www.ljubenko-i-partneri.hr\/en\/#website"},"datePublished":"2025-10-19T15:00:57+00:00","dateModified":"2025-10-19T15:01:00+00:00","breadcrumb":{"@id":"https:\/\/www.ljubenko-i-partneri.hr\/en\/nova-praksa\/podijeljena-odgovornost-za-povredu-na-radu\/#breadcrumb"},"inLanguage":"hr","potentialAction":[{"@type":"ReadAction","target":["https:\/\/www.ljubenko-i-partneri.hr\/en\/nova-praksa\/podijeljena-odgovornost-za-povredu-na-radu\/"]}]},{"@type":"BreadcrumbList","@id":"https:\/\/www.ljubenko-i-partneri.hr\/en\/nova-praksa\/podijeljena-odgovornost-za-povredu-na-radu\/#breadcrumb","itemListElement":[{"@type":"ListItem","position":1,"name":"Po\u010detna stranica","item":"https:\/\/www.ljubenko-i-partneri.hr\/en\/"},{"@type":"ListItem","position":2,"name":"Nova praksa","item":"https:\/\/www.ljubenko-i-partneri.hr\/en\/nova-praksa\/"},{"@type":"ListItem","position":3,"name":"Podijeljena odgovornost za povredu na radu"}]},{"@type":"WebSite","@id":"https:\/\/www.ljubenko-i-partneri.hr\/en\/#website","url":"https:\/\/www.ljubenko-i-partneri.hr\/en\/","name":"Ljubenko i partneri - eng","description":"","potentialAction":[{"@type":"SearchAction","target":{"@type":"EntryPoint","urlTemplate":"https:\/\/www.ljubenko-i-partneri.hr\/en\/?s={search_term_string}"},"query-input":"required name=search_term_string"}],"inLanguage":"hr"}]}},"_links":{"self":[{"href":"https:\/\/www.ljubenko-i-partneri.hr\/en\/wp-json\/wp\/v2\/case_law\/573","targetHints":{"allow":["GET"]}}],"collection":[{"href":"https:\/\/www.ljubenko-i-partneri.hr\/en\/wp-json\/wp\/v2\/case_law"}],"about":[{"href":"https:\/\/www.ljubenko-i-partneri.hr\/en\/wp-json\/wp\/v2\/types\/case_law"}],"wp:attachment":[{"href":"https:\/\/www.ljubenko-i-partneri.hr\/en\/wp-json\/wp\/v2\/media?parent=573"}],"curies":[{"name":"wp","href":"https:\/\/api.w.org\/{rel}","templated":true}]}}