{"id":646,"date":"2025-10-19T17:35:39","date_gmt":"2025-10-19T15:35:39","guid":{"rendered":"https:\/\/ljubenko-i-partneri.ectoris.com\/en\/?post_type=case_law&#038;p=646"},"modified":"2025-10-19T17:35:39","modified_gmt":"2025-10-19T15:35:39","slug":"mjenicno-jamstvo-je-neovisno","status":"publish","type":"case_law","link":"https:\/\/www.ljubenko-i-partneri.hr\/en\/nova-praksa\/mjenicno-jamstvo-je-neovisno\/","title":{"rendered":"Mjeni\u010dno jamstvo je neovisno"},"content":{"rendered":"<p>Prema stavu Vrhovnog suda RH br Revt 158\/06 neovisno o tome jesu li tu\u017eeni potpisali mjenicu kao zastupnici po zakonu trasanta ili trasata, oni su mjenicu potpisali na jo\u0161 jednom mjestu i to na licu mjenice bez oznake da to \u010dine u ime druge osobe, \u0161to zna\u010di da su tu\u017eenici osobno potpisima preuzeli mjeni\u010dnu obvezu kao avalisti sukladno odredbi \u010dl. 30. st. 3. ZM.<\/p>\n<p>Odredbom \u010dl. 30. ZM propisano je:<\/p>\n<ol>\n<li>Aval se daje na mjenici ili na alon\u017eu i potpisuje ga avalist.<\/li>\n<li>Aval se izra\u017eava rije\u010dima &#8220;per aval&#8221;, &#8220;kao jamac&#8221;, &#8220;kao poruk&#8221; ili ma kojim drugim izrazom koji to isto zna\u010di.<\/li>\n<li>Za davanje avala dovoljan je potpis na licu mjenice, osim ako je u pitanju potpis trasata ili trasanta.<\/li>\n<li>Iz avala se treba vidjeti za koga je dan. Ako se to ne vidi vrijedi kao da je dan za trasanta. Obzirom da je u konkretnom predmetu rije\u010d o mjeni\u010dnom sporu, nema potrebe ispitivati jesu li tu\u017eenici znali da potpisuju\u0107i mjenicu preuzimaju mjeni\u010dno jamstvo, jer mjeni\u010dno obvezivanje je apstraktni pravni posao, neovisan od osnovnog pravnog posla, pa sukladno tome neovisan i od ugovora o jamstvu kao akcesornog pravnog posla.<\/li>\n<\/ol>\n","protected":false},"featured_media":0,"template":"","class_list":["post-646","case_law","type-case_law","status-publish","hentry"],"acf":[],"yoast_head":"<!-- This site is optimized with the Yoast SEO Premium plugin v19.5 (Yoast SEO v19.10) - https:\/\/yoast.com\/wordpress\/plugins\/seo\/ -->\n<title>Mjeni\u010dno jamstvo je neovisno - Ljubenko i partneri - eng<\/title>\n<meta name=\"robots\" content=\"index, follow, max-snippet:-1, max-image-preview:large, max-video-preview:-1\" \/>\n<link rel=\"canonical\" href=\"https:\/\/www.ljubenko-i-partneri.hr\/en\/nova-praksa\/mjenicno-jamstvo-je-neovisno\/\" \/>\n<meta property=\"og:locale\" content=\"hr_HR\" \/>\n<meta property=\"og:type\" content=\"article\" \/>\n<meta property=\"og:title\" content=\"Mjeni\u010dno jamstvo je neovisno\" \/>\n<meta property=\"og:description\" content=\"Prema stavu Vrhovnog suda RH br Revt 158\/06 neovisno o tome jesu li tu\u017eeni potpisali mjenicu kao zastupnici po zakonu trasanta ili trasata, oni su mjenicu potpisali na jo\u0161 jednom mjestu i to na licu mjenice bez oznake da to \u010dine u ime druge osobe, \u0161to zna\u010di da su tu\u017eenici osobno potpisima preuzeli mjeni\u010dnu obvezu [&hellip;]\" \/>\n<meta property=\"og:url\" content=\"https:\/\/www.ljubenko-i-partneri.hr\/en\/nova-praksa\/mjenicno-jamstvo-je-neovisno\/\" \/>\n<meta property=\"og:site_name\" content=\"Ljubenko i partneri - eng\" \/>\n<meta name=\"twitter:card\" content=\"summary_large_image\" \/>\n<meta name=\"twitter:label1\" content=\"Procijenjeno vrijeme \u010ditanja\" \/>\n\t<meta name=\"twitter:data1\" content=\"1 minuta\" \/>\n<script type=\"application\/ld+json\" class=\"yoast-schema-graph\">{\"@context\":\"https:\/\/schema.org\",\"@graph\":[{\"@type\":\"WebPage\",\"@id\":\"https:\/\/www.ljubenko-i-partneri.hr\/en\/nova-praksa\/mjenicno-jamstvo-je-neovisno\/\",\"url\":\"https:\/\/www.ljubenko-i-partneri.hr\/en\/nova-praksa\/mjenicno-jamstvo-je-neovisno\/\",\"name\":\"Mjeni\u010dno jamstvo je neovisno - Ljubenko i partneri - eng\",\"isPartOf\":{\"@id\":\"https:\/\/www.ljubenko-i-partneri.hr\/en\/#website\"},\"datePublished\":\"2025-10-19T15:35:39+00:00\",\"dateModified\":\"2025-10-19T15:35:39+00:00\",\"breadcrumb\":{\"@id\":\"https:\/\/www.ljubenko-i-partneri.hr\/en\/nova-praksa\/mjenicno-jamstvo-je-neovisno\/#breadcrumb\"},\"inLanguage\":\"hr\",\"potentialAction\":[{\"@type\":\"ReadAction\",\"target\":[\"https:\/\/www.ljubenko-i-partneri.hr\/en\/nova-praksa\/mjenicno-jamstvo-je-neovisno\/\"]}]},{\"@type\":\"BreadcrumbList\",\"@id\":\"https:\/\/www.ljubenko-i-partneri.hr\/en\/nova-praksa\/mjenicno-jamstvo-je-neovisno\/#breadcrumb\",\"itemListElement\":[{\"@type\":\"ListItem\",\"position\":1,\"name\":\"Po\u010detna stranica\",\"item\":\"https:\/\/www.ljubenko-i-partneri.hr\/en\/\"},{\"@type\":\"ListItem\",\"position\":2,\"name\":\"Nova praksa\",\"item\":\"https:\/\/www.ljubenko-i-partneri.hr\/en\/nova-praksa\/\"},{\"@type\":\"ListItem\",\"position\":3,\"name\":\"Mjeni\u010dno jamstvo je neovisno\"}]},{\"@type\":\"WebSite\",\"@id\":\"https:\/\/www.ljubenko-i-partneri.hr\/en\/#website\",\"url\":\"https:\/\/www.ljubenko-i-partneri.hr\/en\/\",\"name\":\"Ljubenko i partneri - eng\",\"description\":\"\",\"potentialAction\":[{\"@type\":\"SearchAction\",\"target\":{\"@type\":\"EntryPoint\",\"urlTemplate\":\"https:\/\/www.ljubenko-i-partneri.hr\/en\/?s={search_term_string}\"},\"query-input\":\"required name=search_term_string\"}],\"inLanguage\":\"hr\"}]}<\/script>\n<!-- \/ Yoast SEO Premium plugin. -->","yoast_head_json":{"title":"Mjeni\u010dno jamstvo je neovisno - Ljubenko i partneri - eng","robots":{"index":"index","follow":"follow","max-snippet":"max-snippet:-1","max-image-preview":"max-image-preview:large","max-video-preview":"max-video-preview:-1"},"canonical":"https:\/\/www.ljubenko-i-partneri.hr\/en\/nova-praksa\/mjenicno-jamstvo-je-neovisno\/","og_locale":"hr_HR","og_type":"article","og_title":"Mjeni\u010dno jamstvo je neovisno","og_description":"Prema stavu Vrhovnog suda RH br Revt 158\/06 neovisno o tome jesu li tu\u017eeni potpisali mjenicu kao zastupnici po zakonu trasanta ili trasata, oni su mjenicu potpisali na jo\u0161 jednom mjestu i to na licu mjenice bez oznake da to \u010dine u ime druge osobe, \u0161to zna\u010di da su tu\u017eenici osobno potpisima preuzeli mjeni\u010dnu obvezu [&hellip;]","og_url":"https:\/\/www.ljubenko-i-partneri.hr\/en\/nova-praksa\/mjenicno-jamstvo-je-neovisno\/","og_site_name":"Ljubenko i partneri - eng","twitter_card":"summary_large_image","twitter_misc":{"Procijenjeno vrijeme \u010ditanja":"1 minuta"},"schema":{"@context":"https:\/\/schema.org","@graph":[{"@type":"WebPage","@id":"https:\/\/www.ljubenko-i-partneri.hr\/en\/nova-praksa\/mjenicno-jamstvo-je-neovisno\/","url":"https:\/\/www.ljubenko-i-partneri.hr\/en\/nova-praksa\/mjenicno-jamstvo-je-neovisno\/","name":"Mjeni\u010dno jamstvo je neovisno - Ljubenko i partneri - eng","isPartOf":{"@id":"https:\/\/www.ljubenko-i-partneri.hr\/en\/#website"},"datePublished":"2025-10-19T15:35:39+00:00","dateModified":"2025-10-19T15:35:39+00:00","breadcrumb":{"@id":"https:\/\/www.ljubenko-i-partneri.hr\/en\/nova-praksa\/mjenicno-jamstvo-je-neovisno\/#breadcrumb"},"inLanguage":"hr","potentialAction":[{"@type":"ReadAction","target":["https:\/\/www.ljubenko-i-partneri.hr\/en\/nova-praksa\/mjenicno-jamstvo-je-neovisno\/"]}]},{"@type":"BreadcrumbList","@id":"https:\/\/www.ljubenko-i-partneri.hr\/en\/nova-praksa\/mjenicno-jamstvo-je-neovisno\/#breadcrumb","itemListElement":[{"@type":"ListItem","position":1,"name":"Po\u010detna stranica","item":"https:\/\/www.ljubenko-i-partneri.hr\/en\/"},{"@type":"ListItem","position":2,"name":"Nova praksa","item":"https:\/\/www.ljubenko-i-partneri.hr\/en\/nova-praksa\/"},{"@type":"ListItem","position":3,"name":"Mjeni\u010dno jamstvo je neovisno"}]},{"@type":"WebSite","@id":"https:\/\/www.ljubenko-i-partneri.hr\/en\/#website","url":"https:\/\/www.ljubenko-i-partneri.hr\/en\/","name":"Ljubenko i partneri - eng","description":"","potentialAction":[{"@type":"SearchAction","target":{"@type":"EntryPoint","urlTemplate":"https:\/\/www.ljubenko-i-partneri.hr\/en\/?s={search_term_string}"},"query-input":"required name=search_term_string"}],"inLanguage":"hr"}]}},"_links":{"self":[{"href":"https:\/\/www.ljubenko-i-partneri.hr\/en\/wp-json\/wp\/v2\/case_law\/646","targetHints":{"allow":["GET"]}}],"collection":[{"href":"https:\/\/www.ljubenko-i-partneri.hr\/en\/wp-json\/wp\/v2\/case_law"}],"about":[{"href":"https:\/\/www.ljubenko-i-partneri.hr\/en\/wp-json\/wp\/v2\/types\/case_law"}],"wp:attachment":[{"href":"https:\/\/www.ljubenko-i-partneri.hr\/en\/wp-json\/wp\/v2\/media?parent=646"}],"curies":[{"name":"wp","href":"https:\/\/api.w.org\/{rel}","templated":true}]}}