{"id":688,"date":"2025-10-20T00:32:11","date_gmt":"2025-10-19T22:32:11","guid":{"rendered":"https:\/\/ljubenko-i-partneri.ectoris.com\/en\/?post_type=events&#038;p=688"},"modified":"2025-11-01T20:31:23","modified_gmt":"2025-11-01T18:31:23","slug":"dani-potresnog-inzenjerstva","status":"publish","type":"events","link":"https:\/\/www.ljubenko-i-partneri.hr\/en\/dogadaji\/dani-potresnog-inzenjerstva\/","title":{"rendered":"Dana 22.3.2024. odr\u017eani Dani potresnog in\u017eenjerstva"},"content":{"rendered":"<p>Kolega Mi\u0107o Ljubenko je sudjelovao kao izlaga\u010d na temu Izazovi u provedbi javne nabave za radove na cjelovitoj obnovi zgrada javne namjene o\u0161te\u0107enih potresom te procedure obrade vantro\u0161kovni\u010dkih radova.<\/p>\n<p>Cilj je bio nakon \u010detiri godine iskustva, detaljno analizirati teme vezane za vrlo kompleksnu graditeljsku aktivnost &#8211; cjelovita obnova zgrada o\u0161te\u0107enih potresom. Teme su se predstavile bazirane su na iskustvu in\u017eenjera projektanata i voditelja projekata, te investitora, izvo\u0111a\u010da i provedbenih tijela. Ukazano je na sve prepreke na koje se nailazilo i kako su rje\u0161avane te na nove prepreke s kojima se susre\u0107emo ali i nagla\u0161ena va\u017enost dru\u0161tvene i gospodarske revitalizacije gra\u0111evinskog sektora ali i va\u017enosti obnove i kontinuirane brige o zgradama javne namjene.<\/p>\n","protected":false},"featured_media":689,"template":"","class_list":["post-688","events","type-events","status-publish","has-post-thumbnail","hentry"],"acf":[],"yoast_head":"<!-- This site is optimized with the Yoast SEO Premium plugin v19.5 (Yoast SEO v19.10) - https:\/\/yoast.com\/wordpress\/plugins\/seo\/ -->\n<title>Dana 22.3.2024. odr\u017eani Dani potresnog in\u017eenjerstva - Ljubenko i partneri - eng<\/title>\n<meta name=\"robots\" content=\"index, follow, max-snippet:-1, max-image-preview:large, max-video-preview:-1\" \/>\n<link rel=\"canonical\" href=\"https:\/\/www.ljubenko-i-partneri.hr\/en\/dogadaji\/dani-potresnog-inzenjerstva\/\" \/>\n<meta property=\"og:locale\" content=\"hr_HR\" \/>\n<meta property=\"og:type\" content=\"article\" \/>\n<meta property=\"og:title\" content=\"Dana 22.3.2024. odr\u017eani Dani potresnog in\u017eenjerstva\" \/>\n<meta property=\"og:description\" content=\"Kolega Mi\u0107o Ljubenko je sudjelovao kao izlaga\u010d na temu Izazovi u provedbi javne nabave za radove na cjelovitoj obnovi zgrada javne namjene o\u0161te\u0107enih potresom te procedure obrade vantro\u0161kovni\u010dkih radova. Cilj je bio nakon \u010detiri godine iskustva, detaljno analizirati teme vezane za vrlo kompleksnu graditeljsku aktivnost &#8211; cjelovita obnova zgrada o\u0161te\u0107enih potresom. Teme su se predstavile [&hellip;]\" \/>\n<meta property=\"og:url\" content=\"https:\/\/www.ljubenko-i-partneri.hr\/en\/dogadaji\/dani-potresnog-inzenjerstva\/\" \/>\n<meta property=\"og:site_name\" content=\"Ljubenko i partneri - eng\" \/>\n<meta property=\"article:modified_time\" content=\"2025-11-01T18:31:23+00:00\" \/>\n<meta property=\"og:image\" content=\"https:\/\/www.ljubenko-i-partneri.hr\/en\/wp-content\/uploads\/sites\/3\/2025\/10\/3-dani_potresnog_in_enjerstva-okrugli_stol-22_03_2024.jpg\" \/>\n\t<meta property=\"og:image:width\" content=\"841\" \/>\n\t<meta property=\"og:image:height\" content=\"1190\" \/>\n\t<meta property=\"og:image:type\" content=\"image\/jpeg\" \/>\n<meta name=\"twitter:card\" content=\"summary_large_image\" \/>\n<meta name=\"twitter:label1\" content=\"Procijenjeno vrijeme \u010ditanja\" \/>\n\t<meta name=\"twitter:data1\" content=\"1 minuta\" \/>\n<script type=\"application\/ld+json\" class=\"yoast-schema-graph\">{\"@context\":\"https:\/\/schema.org\",\"@graph\":[{\"@type\":\"WebPage\",\"@id\":\"https:\/\/www.ljubenko-i-partneri.hr\/en\/dogadaji\/dani-potresnog-inzenjerstva\/\",\"url\":\"https:\/\/www.ljubenko-i-partneri.hr\/en\/dogadaji\/dani-potresnog-inzenjerstva\/\",\"name\":\"Dana 22.3.2024. odr\u017eani Dani potresnog in\u017eenjerstva - Ljubenko i partneri - eng\",\"isPartOf\":{\"@id\":\"https:\/\/www.ljubenko-i-partneri.hr\/en\/#website\"},\"datePublished\":\"2025-10-19T22:32:11+00:00\",\"dateModified\":\"2025-11-01T18:31:23+00:00\",\"breadcrumb\":{\"@id\":\"https:\/\/www.ljubenko-i-partneri.hr\/en\/dogadaji\/dani-potresnog-inzenjerstva\/#breadcrumb\"},\"inLanguage\":\"hr\",\"potentialAction\":[{\"@type\":\"ReadAction\",\"target\":[\"https:\/\/www.ljubenko-i-partneri.hr\/en\/dogadaji\/dani-potresnog-inzenjerstva\/\"]}]},{\"@type\":\"BreadcrumbList\",\"@id\":\"https:\/\/www.ljubenko-i-partneri.hr\/en\/dogadaji\/dani-potresnog-inzenjerstva\/#breadcrumb\",\"itemListElement\":[{\"@type\":\"ListItem\",\"position\":1,\"name\":\"Po\u010detna stranica\",\"item\":\"https:\/\/www.ljubenko-i-partneri.hr\/en\/\"},{\"@type\":\"ListItem\",\"position\":2,\"name\":\"Doga\u0111aji\",\"item\":\"https:\/\/www.ljubenko-i-partneri.hr\/en\/dogadaji\/\"},{\"@type\":\"ListItem\",\"position\":3,\"name\":\"Dana 22.3.2024. odr\u017eani Dani potresnog in\u017eenjerstva\"}]},{\"@type\":\"WebSite\",\"@id\":\"https:\/\/www.ljubenko-i-partneri.hr\/en\/#website\",\"url\":\"https:\/\/www.ljubenko-i-partneri.hr\/en\/\",\"name\":\"Ljubenko i partneri - eng\",\"description\":\"\",\"potentialAction\":[{\"@type\":\"SearchAction\",\"target\":{\"@type\":\"EntryPoint\",\"urlTemplate\":\"https:\/\/www.ljubenko-i-partneri.hr\/en\/?s={search_term_string}\"},\"query-input\":\"required name=search_term_string\"}],\"inLanguage\":\"hr\"}]}<\/script>\n<!-- \/ Yoast SEO Premium plugin. -->","yoast_head_json":{"title":"Dana 22.3.2024. odr\u017eani Dani potresnog in\u017eenjerstva - Ljubenko i partneri - eng","robots":{"index":"index","follow":"follow","max-snippet":"max-snippet:-1","max-image-preview":"max-image-preview:large","max-video-preview":"max-video-preview:-1"},"canonical":"https:\/\/www.ljubenko-i-partneri.hr\/en\/dogadaji\/dani-potresnog-inzenjerstva\/","og_locale":"hr_HR","og_type":"article","og_title":"Dana 22.3.2024. odr\u017eani Dani potresnog in\u017eenjerstva","og_description":"Kolega Mi\u0107o Ljubenko je sudjelovao kao izlaga\u010d na temu Izazovi u provedbi javne nabave za radove na cjelovitoj obnovi zgrada javne namjene o\u0161te\u0107enih potresom te procedure obrade vantro\u0161kovni\u010dkih radova. Cilj je bio nakon \u010detiri godine iskustva, detaljno analizirati teme vezane za vrlo kompleksnu graditeljsku aktivnost &#8211; cjelovita obnova zgrada o\u0161te\u0107enih potresom. Teme su se predstavile [&hellip;]","og_url":"https:\/\/www.ljubenko-i-partneri.hr\/en\/dogadaji\/dani-potresnog-inzenjerstva\/","og_site_name":"Ljubenko i partneri - eng","article_modified_time":"2025-11-01T18:31:23+00:00","og_image":[{"width":841,"height":1190,"url":"https:\/\/www.ljubenko-i-partneri.hr\/en\/wp-content\/uploads\/sites\/3\/2025\/10\/3-dani_potresnog_in_enjerstva-okrugli_stol-22_03_2024.jpg","type":"image\/jpeg"}],"twitter_card":"summary_large_image","twitter_misc":{"Procijenjeno vrijeme \u010ditanja":"1 minuta"},"schema":{"@context":"https:\/\/schema.org","@graph":[{"@type":"WebPage","@id":"https:\/\/www.ljubenko-i-partneri.hr\/en\/dogadaji\/dani-potresnog-inzenjerstva\/","url":"https:\/\/www.ljubenko-i-partneri.hr\/en\/dogadaji\/dani-potresnog-inzenjerstva\/","name":"Dana 22.3.2024. odr\u017eani Dani potresnog in\u017eenjerstva - Ljubenko i partneri - eng","isPartOf":{"@id":"https:\/\/www.ljubenko-i-partneri.hr\/en\/#website"},"datePublished":"2025-10-19T22:32:11+00:00","dateModified":"2025-11-01T18:31:23+00:00","breadcrumb":{"@id":"https:\/\/www.ljubenko-i-partneri.hr\/en\/dogadaji\/dani-potresnog-inzenjerstva\/#breadcrumb"},"inLanguage":"hr","potentialAction":[{"@type":"ReadAction","target":["https:\/\/www.ljubenko-i-partneri.hr\/en\/dogadaji\/dani-potresnog-inzenjerstva\/"]}]},{"@type":"BreadcrumbList","@id":"https:\/\/www.ljubenko-i-partneri.hr\/en\/dogadaji\/dani-potresnog-inzenjerstva\/#breadcrumb","itemListElement":[{"@type":"ListItem","position":1,"name":"Po\u010detna stranica","item":"https:\/\/www.ljubenko-i-partneri.hr\/en\/"},{"@type":"ListItem","position":2,"name":"Doga\u0111aji","item":"https:\/\/www.ljubenko-i-partneri.hr\/en\/dogadaji\/"},{"@type":"ListItem","position":3,"name":"Dana 22.3.2024. odr\u017eani Dani potresnog in\u017eenjerstva"}]},{"@type":"WebSite","@id":"https:\/\/www.ljubenko-i-partneri.hr\/en\/#website","url":"https:\/\/www.ljubenko-i-partneri.hr\/en\/","name":"Ljubenko i partneri - eng","description":"","potentialAction":[{"@type":"SearchAction","target":{"@type":"EntryPoint","urlTemplate":"https:\/\/www.ljubenko-i-partneri.hr\/en\/?s={search_term_string}"},"query-input":"required name=search_term_string"}],"inLanguage":"hr"}]}},"_links":{"self":[{"href":"https:\/\/www.ljubenko-i-partneri.hr\/en\/wp-json\/wp\/v2\/events\/688","targetHints":{"allow":["GET"]}}],"collection":[{"href":"https:\/\/www.ljubenko-i-partneri.hr\/en\/wp-json\/wp\/v2\/events"}],"about":[{"href":"https:\/\/www.ljubenko-i-partneri.hr\/en\/wp-json\/wp\/v2\/types\/events"}],"wp:featuredmedia":[{"embeddable":true,"href":"https:\/\/www.ljubenko-i-partneri.hr\/en\/wp-json\/wp\/v2\/media\/689"}],"wp:attachment":[{"href":"https:\/\/www.ljubenko-i-partneri.hr\/en\/wp-json\/wp\/v2\/media?parent=688"}],"curies":[{"name":"wp","href":"https:\/\/api.w.org\/{rel}","templated":true}]}}